{"id":1097,"date":"2020-06-30T18:09:11","date_gmt":"2020-06-30T21:09:11","guid":{"rendered":"https:\/\/hospitaljuanpablo.gob.ar\/demo\/?page_id=1097"},"modified":"2025-11-09T19:29:26","modified_gmt":"2025-11-09T22:29:26","slug":"emergencia","status":"publish","type":"page","link":"https:\/\/hospitaljuanpablo.gob.ar\/?page_id=1097","title":{"rendered":"Emergencia"},"content":{"rendered":"\n<h2 class=\"wp-block-heading\">Profesionales:<\/h2>\n\n\n\n<p>Dr. Diaz, Carlos (Jefe del Servicio) <br>Dra. C\u00f3rdoba, Clara <br>Dra. Diaz, Yolanda <br>Dr.Aguirre, Leonardo <br>Dra . Char\u00f3n, Paula <br>Dra. Canteros, Carola (Reumat\u00f3loga) <br>Dra Luna, Carmen (Pediatra) <br>Dra. Medina, Ver\u00f3nica (Pediatra) <br>Dr. Longoni, Lucas <br>Dra. Aguilera, Gisella (Nefr\u00f3loga) <br>Dra. Arce, Yanina <br>Dra. Tedesco, Teresita <br>Dra. Lertora, Melisa <br>Dra. Gadea, Rocio <br>Dra. Gonzalez, Silvia <br>Dra. Martinez, Macarena <br>Dra. Benitez, Maricela <br>Dra. Estigarribia, lourdes <br>Dra. Guerrero, Melisa <br>Dr. Stopello, Franco <br>Dra. Caceres, Agustina (Pediatr\u00eda) <br>Dra. Ojeda Elizabet <br>Dra. Yard\u00edn, Valeria <br>Dra. Raviol, Mabel<\/p>\n\n\n\n<p>Atenci\u00f3n las 24hs para emergencias y urgencias pedi\u00e1tricas. Profesionales capacitados para la atenci\u00f3n r\u00e1pida. Se reciben pacientes de otros nosocomios y SAPS entro otros, que necesiten atenci\u00f3n r\u00e1pida. Conectado con todo el sistema de 911 y 107 de la provincia. En caso de urgencia m\u00e9dica, llame al 107 o al 911.<\/p>\n\n\n\n<h1 class=\"wp-block-heading\">Servicio de Emergencia<\/h1>\n\n\n\n<h3 class=\"wp-block-heading\">\u00bfCu\u00e1l es la diferencia entre emergencia m\u00e9dica y urgencia m\u00e9dica?<\/h3>\n\n\n\n<p>Una situaci\u00f3n o evento que ocurre sin previo aviso, que en ocasiones representa una amenaza peligrosa de no ser atendida a la brevedad o con las medidas correspondientes, a esto se lo conoce como emergencia.<\/p>\n\n\n\n<p>Esta situaci\u00f3n puede tener diferentes or\u00edgenes y causas tales como naturales (enti\u00e9ndase aquellas como huracanes, terremotos, tsunamis, tornados, inundaciones) y las provocadas por el ser humano (terrorismo, derrames qu\u00edmicos, colisiones de veh\u00edculos de motor, agresiones o violencia).<\/p>\n\n\n\n<h2 class=\"wp-block-heading\">\u00bfQu\u00e9 es m\u00e1s grave, la urgencia medica o la emergencia m\u00e9dica?<\/h2>\n\n\n\n<p><strong>Una urgencia m\u00e9dica<\/strong>, es la necesidad o la falta de ayuda m\u00e9dica para una condici\u00f3n que no amenace la vida o la salud inmediata de la persona. ejemplo de esto, son las infecciones menores como garganta y o\u00eddo, sinusitis, dolores musculares, etc.<\/p>\n\n\n\n<p><strong>Una emergencia m\u00e9dica<\/strong>, es la necesidad o falta de ayuda m\u00e9dica para una condici\u00f3n que sobreviene sin previo aviso, en el cu\u00e1l se ve amenazada la vida o salud inmediata causando la muerte de no ser asistida. Ejemplos de ellos serian: dificultad respiratoria marcada con inhabilidad para realizar tareas, hemorragia, ca\u00edda mayores a 3 veces la altura de la persona, dolor de pecho, reacciones al\u00e9rgicas, entro otras.<\/p>\n\n\n\n<p><strong>No se precisa turno.<\/strong>&nbsp;En caso de una emergencia o urgencia acercarse al&nbsp;<a href=\"https:\/\/hospitaljuanpablo.gob.ar\/demo\/contacto\/\">hospital<\/a>&nbsp;o&nbsp;<a href=\"tel:107\">llamar al 107<\/a><\/p>\n","protected":false},"excerpt":{"rendered":"<p>Profesionales: Dr. Diaz, Carlos (Jefe del Servicio) Dra. C\u00f3rdoba, Clara Dra. Diaz, Yolanda Dr.Aguirre, Leonardo Dra . Char\u00f3n, Paula Dra. Canteros, Carola (Reumat\u00f3loga) Dra Luna, Carmen (Pediatra) Dra. Medina, Ver\u00f3nica (Pediatra) Dr. Longoni, Lucas Dra. Aguilera, Gisella (Nefr\u00f3loga) Dra. Arce, Yanina Dra. Tedesco, Teresita Dra. Lertora, Melisa Dra. Gadea, Rocio Dra. Gonzalez, Silvia Dra. Martinez, [&hellip;]<\/p>\n","protected":false},"author":9,"featured_media":0,"parent":0,"menu_order":0,"comment_status":"closed","ping_status":"closed","template":"","meta":{"_uag_custom_page_level_css":"","footnotes":""},"class_list":["post-1097","page","type-page","status-publish","hentry"],"uagb_featured_image_src":{"full":false,"thumbnail":false,"medium":false,"medium_large":false,"large":false,"1536x1536":false,"2048x2048":false},"uagb_author_info":{"display_name":"Gonzalo Romero","author_link":"https:\/\/hospitaljuanpablo.gob.ar\/?author=9"},"uagb_comment_info":0,"uagb_excerpt":"Profesionales: Dr. Diaz, Carlos (Jefe del Servicio) Dra. C\u00f3rdoba, Clara Dra. Diaz, Yolanda Dr.Aguirre, Leonardo Dra . Char\u00f3n, Paula Dra. Canteros, Carola (Reumat\u00f3loga) Dra Luna, Carmen (Pediatra) Dra. Medina, Ver\u00f3nica (Pediatra) Dr. Longoni, Lucas Dra. Aguilera, Gisella (Nefr\u00f3loga) Dra. Arce, Yanina Dra. Tedesco, Teresita Dra. Lertora, Melisa Dra. Gadea, Rocio Dra. Gonzalez, Silvia Dra. Martinez,&hellip;","_links":{"self":[{"href":"https:\/\/hospitaljuanpablo.gob.ar\/index.php?rest_route=\/wp\/v2\/pages\/1097","targetHints":{"allow":["GET"]}}],"collection":[{"href":"https:\/\/hospitaljuanpablo.gob.ar\/index.php?rest_route=\/wp\/v2\/pages"}],"about":[{"href":"https:\/\/hospitaljuanpablo.gob.ar\/index.php?rest_route=\/wp\/v2\/types\/page"}],"author":[{"embeddable":true,"href":"https:\/\/hospitaljuanpablo.gob.ar\/index.php?rest_route=\/wp\/v2\/users\/9"}],"replies":[{"embeddable":true,"href":"https:\/\/hospitaljuanpablo.gob.ar\/index.php?rest_route=%2Fwp%2Fv2%2Fcomments&post=1097"}],"version-history":[{"count":1,"href":"https:\/\/hospitaljuanpablo.gob.ar\/index.php?rest_route=\/wp\/v2\/pages\/1097\/revisions"}],"predecessor-version":[{"id":2620,"href":"https:\/\/hospitaljuanpablo.gob.ar\/index.php?rest_route=\/wp\/v2\/pages\/1097\/revisions\/2620"}],"wp:attachment":[{"href":"https:\/\/hospitaljuanpablo.gob.ar\/index.php?rest_route=%2Fwp%2Fv2%2Fmedia&parent=1097"}],"curies":[{"name":"wp","href":"https:\/\/api.w.org\/{rel}","templated":true}]}}