{"id":1278,"date":"2020-07-17T18:04:10","date_gmt":"2020-07-17T21:04:10","guid":{"rendered":"https:\/\/hospitaljuanpablo.gob.ar\/demo\/?page_id=1278"},"modified":"2025-09-03T20:53:17","modified_gmt":"2025-09-03T23:53:17","slug":"rinconcito-medico-2","status":"publish","type":"page","link":"https:\/\/hospitaljuanpablo.gob.ar\/?page_id=1278","title":{"rendered":"Rinconcito M\u00e9dico"},"content":{"rendered":"<p style=\"text-align: center;\"><a title=\"C\u00f3mo prevenir el \u201cS\u00edndrome de Muerte S\u00fabita\u201d en los beb\u00e9s\" href=\"https:\/\/hospitaljuanpablo.gob.ar\/demo\/como-prevenir-el-sindrome-de-muerte-subita-en-los-bebes\/\"><br \/>\n<img loading=\"lazy\" decoding=\"async\" class=\"aligncenter\" src=\"http:\/\/hospitaljuanpablo.gob.ar\/demo\/wp-content\/uploads\/2021\/01\/Entrada-Dra.-.png\" sizes=\"auto, (max-width: 640px) 100vw, 640px\" srcset=\"http:\/\/hospitaljuanpablo.gob.ar\/demo\/wp-content\/uploads\/2021\/01\/Entrada-Dra.-.png 640w, http:\/\/hospitaljuanpablo.gob.ar\/demo\/wp-content\/uploads\/2021\/01\/Entrada-Dra.--300x225.png 300w, http:\/\/hospitaljuanpablo.gob.ar\/demo\/wp-content\/uploads\/2021\/01\/Entrada-Dra.--230x173.png 230w, http:\/\/hospitaljuanpablo.gob.ar\/demo\/wp-content\/uploads\/2021\/01\/Entrada-Dra.--350x263.png 350w, http:\/\/hospitaljuanpablo.gob.ar\/demo\/wp-content\/uploads\/2021\/01\/Entrada-Dra.--480x360.png 480w\" alt=\"\" width=\"640\" height=\"480\" \/> <\/a><\/p>\n<h4 style=\"text-align: center;\"><a href=\"https:\/\/hospitaljuanpablo.gob.ar\/demo\/como-prevenir-el-sindrome-de-muerte-subita-en-los-bebes\/\" rel=\"bookmark\">C\u00f3mo prevenir el \u201cS\u00edndrome de Muerte S\u00fabita\u201d en los beb\u00e9s<\/a><\/h4>\n<p style=\"text-align: center;\">En el siguiente art\u00edculo hablar\u00e9 sobre c\u00f3mo se puede evitar que ocurra el \u201cS\u00edndrome de Muerte S\u00fabita\u201d en los lactantes, el cual puede presentarse desde reci\u00e9n nacidos hasta los 12 meses de vida. Es m\u00e1s frecuente hasta los 6 meses.<\/p>\n<p><a title=\"Hablar de alimentaci\u00f3n infantil es hablar de alimentaci\u00f3n familiar\" href=\"https:\/\/hospitaljuanpablo.gob.ar\/demo\/hablar-de-alimentacion-infantil-es-hablar-de-alimentacion-familiar\/\"><br \/>\n<img loading=\"lazy\" decoding=\"async\" class=\"aligncenter\" src=\"http:\/\/hospitaljuanpablo.gob.ar\/demo\/wp-content\/uploads\/2021\/01\/Entrada-Dra.-.png\" sizes=\"auto, (max-width: 640px) 100vw, 640px\" srcset=\"http:\/\/hospitaljuanpablo.gob.ar\/demo\/wp-content\/uploads\/2021\/01\/Entrada-Dra.-.png 640w, http:\/\/hospitaljuanpablo.gob.ar\/demo\/wp-content\/uploads\/2021\/01\/Entrada-Dra.--300x225.png 300w, http:\/\/hospitaljuanpablo.gob.ar\/demo\/wp-content\/uploads\/2021\/01\/Entrada-Dra.--230x173.png 230w, http:\/\/hospitaljuanpablo.gob.ar\/demo\/wp-content\/uploads\/2021\/01\/Entrada-Dra.--350x263.png 350w, http:\/\/hospitaljuanpablo.gob.ar\/demo\/wp-content\/uploads\/2021\/01\/Entrada-Dra.--480x360.png 480w\" alt=\"\" width=\"640\" height=\"480\" \/> <\/a><\/p>\n<h4 style=\"text-align: center;\"><a href=\"https:\/\/hospitaljuanpablo.gob.ar\/demo\/hablar-de-alimentacion-infantil-es-hablar-de-alimentacion-familiar\/\" rel=\"bookmark\">Hablar de alimentaci\u00f3n infantil es hablar de alimentaci\u00f3n familiar<\/a><\/h4>\n<p style=\"text-align: center;\">La mayor\u00eda de los adultos piensa en una sola cosa de los alimentos: las calor\u00edas y la realidad es que las calor\u00edas son bastante poco relevantes en general; lo que importa son los nutrientes. Y como ayudamos a nuestro cuerpo a absorberlos.<\/p>\n<p style=\"text-align: center;\"><a title=\"\u00bfC\u00f3mo saber si la alimentaci\u00f3n con pecho materno es adecuada?\" href=\"https:\/\/hospitaljuanpablo.gob.ar\/demo\/como-saber-si-la-alimentacion-con-pecho-materno-es-adecuada\/\"><br \/>\n<img loading=\"lazy\" decoding=\"async\" class=\"aligncenter\" src=\"http:\/\/hospitaljuanpablo.gob.ar\/demo\/wp-content\/uploads\/2020\/09\/Entrada-Dra.-.png\" sizes=\"auto, (max-width: 640px) 100vw, 640px\" srcset=\"http:\/\/hospitaljuanpablo.gob.ar\/demo\/wp-content\/uploads\/2020\/09\/Entrada-Dra.-.png 640w, http:\/\/hospitaljuanpablo.gob.ar\/demo\/wp-content\/uploads\/2020\/09\/Entrada-Dra.--300x225.png 300w, http:\/\/hospitaljuanpablo.gob.ar\/demo\/wp-content\/uploads\/2020\/09\/Entrada-Dra.--230x173.png 230w, http:\/\/hospitaljuanpablo.gob.ar\/demo\/wp-content\/uploads\/2020\/09\/Entrada-Dra.--350x263.png 350w, http:\/\/hospitaljuanpablo.gob.ar\/demo\/wp-content\/uploads\/2020\/09\/Entrada-Dra.--480x360.png 480w\" alt=\"\" width=\"640\" height=\"480\" \/> <\/a><\/p>\n<h4 style=\"text-align: center;\"><a href=\"https:\/\/hospitaljuanpablo.gob.ar\/demo\/como-saber-si-la-alimentacion-con-pecho-materno-es-adecuada\/\" rel=\"bookmark\">\u00bfC\u00f3mo saber si la alimentaci\u00f3n con pecho materno es adecuada?<\/a><\/h4>\n<p style=\"text-align: center;\">Hay muchos elementos a evaluar para determinar si el proceso de lactancia materna est\u00e1 cursando adecuadamente<\/p>\n<p><a title=\"Alimentaci\u00f3n complementaria: Todo lo que tenes que saber sobre tu beb\u00e9\" href=\"https:\/\/hospitaljuanpablo.gob.ar\/demo\/alimentacion-complementaria-todo-lo-que-tenes-que-saber-sobre-tu-bebe\/\"><br \/>\n<img loading=\"lazy\" decoding=\"async\" class=\"aligncenter\" src=\"http:\/\/hospitaljuanpablo.gob.ar\/demo\/wp-content\/uploads\/2020\/07\/Entrada-Dra.-.png\" sizes=\"auto, (max-width: 640px) 100vw, 640px\" srcset=\"http:\/\/hospitaljuanpablo.gob.ar\/demo\/wp-content\/uploads\/2020\/07\/Entrada-Dra.-.png 640w, http:\/\/hospitaljuanpablo.gob.ar\/demo\/wp-content\/uploads\/2020\/07\/Entrada-Dra.--300x225.png 300w, http:\/\/hospitaljuanpablo.gob.ar\/demo\/wp-content\/uploads\/2020\/07\/Entrada-Dra.--230x173.png 230w, http:\/\/hospitaljuanpablo.gob.ar\/demo\/wp-content\/uploads\/2020\/07\/Entrada-Dra.--350x263.png 350w, http:\/\/hospitaljuanpablo.gob.ar\/demo\/wp-content\/uploads\/2020\/07\/Entrada-Dra.--480x360.png 480w\" alt=\"\" width=\"640\" height=\"480\" \/> <\/a><\/p>\n<h4 style=\"text-align: center;\"><a href=\"https:\/\/hospitaljuanpablo.gob.ar\/demo\/alimentacion-complementaria-todo-lo-que-tenes-que-saber-sobre-tu-bebe\/\" rel=\"bookmark\">Alimentaci\u00f3n complementaria: Todo lo que tenes que saber sobre tu beb\u00e9<\/a><\/h4>\n<p style=\"text-align: center;\">Si despu\u00e9s del a\u00f1o el beb\u00e9 sigue tomando leche materna, no es necesario que consuma leche de vaca, ya que la leche materna aporta todo el calcio y grasa que \u00e9l necesita. En cambio, el beb\u00e9 que est\u00e1 tomando formula si se desea continuar los l\u00e1cteos debe cambiar de formula a leche de vaca completa [\u2026]<\/p>\n<p style=\"text-align: center;\"><a title=\"Dra. Andrea Gajo Gane\" href=\"https:\/\/hospitaljuanpablo.gob.ar\/demo\/dra-andrea-gajo-gane\/\"><br \/>\n<img loading=\"lazy\" decoding=\"async\" class=\"aligncenter\" src=\"http:\/\/hospitaljuanpablo.gob.ar\/demo\/wp-content\/uploads\/2020\/07\/Entrada-Dra.-.png\" sizes=\"auto, (max-width: 640px) 100vw, 640px\" srcset=\"http:\/\/hospitaljuanpablo.gob.ar\/demo\/wp-content\/uploads\/2020\/07\/Entrada-Dra.-.png 640w, http:\/\/hospitaljuanpablo.gob.ar\/demo\/wp-content\/uploads\/2020\/07\/Entrada-Dra.--300x225.png 300w, http:\/\/hospitaljuanpablo.gob.ar\/demo\/wp-content\/uploads\/2020\/07\/Entrada-Dra.--230x173.png 230w, http:\/\/hospitaljuanpablo.gob.ar\/demo\/wp-content\/uploads\/2020\/07\/Entrada-Dra.--350x263.png 350w, http:\/\/hospitaljuanpablo.gob.ar\/demo\/wp-content\/uploads\/2020\/07\/Entrada-Dra.--480x360.png 480w\" alt=\"\" width=\"640\" height=\"480\" \/> <\/a><\/p>\n<h4 style=\"text-align: center;\"><a href=\"https:\/\/hospitaljuanpablo.gob.ar\/demo\/dra-andrea-gajo-gane\/\" rel=\"bookmark\">Dra. Andrea Gajo Gane<\/a><\/h4>\n<p style=\"text-align: center;\">Diarrea y tratamiento\u2026 siempre surgen dudas: \u00bfQu\u00e9 bebida le doy?AGUA Si, simple y b\u00e1sico. Agua potable. No quieren agua? Bueno, sales de rehidrataci\u00f3n (hablalo con el pediatra) \u00bfLe doy Gatorade? La propaganda dice que tiene de todo.S\u00ed, tiene \u00abde todo\u00bb para un deportista como Messi, que hace deportes y no se est\u00e1 haciendo caca encima. [\u2026]<\/p>\n<p style=\"text-align: center;\"><a href=\"https:\/\/hospitaljuanpablo.gob.ar\/demo\/category\/sin-categoria\/rinconcito-medico\/\">Ver m\u00e1s<\/a><\/p>\n","protected":false},"excerpt":{"rendered":"<p>C\u00f3mo prevenir el \u201cS\u00edndrome de Muerte S\u00fabita\u201d en los beb\u00e9s En el siguiente art\u00edculo hablar\u00e9 sobre c\u00f3mo se puede evitar que ocurra el \u201cS\u00edndrome de Muerte S\u00fabita\u201d en los lactantes, el cual puede presentarse desde reci\u00e9n nacidos hasta los 12 meses de vida. Es m\u00e1s frecuente hasta los 6 meses. Hablar de alimentaci\u00f3n infantil es [&hellip;]<\/p>\n","protected":false},"author":9,"featured_media":0,"parent":0,"menu_order":0,"comment_status":"closed","ping_status":"closed","template":"page-templates\/page_fullwidth.php","meta":{"_uag_custom_page_level_css":"","footnotes":""},"class_list":["post-1278","page","type-page","status-publish","hentry"],"uagb_featured_image_src":{"full":false,"thumbnail":false,"medium":false,"medium_large":false,"large":false,"1536x1536":false,"2048x2048":false},"uagb_author_info":{"display_name":"Gonzalo Romero","author_link":"https:\/\/hospitaljuanpablo.gob.ar\/?author=9"},"uagb_comment_info":0,"uagb_excerpt":"C\u00f3mo prevenir el \u201cS\u00edndrome de Muerte S\u00fabita\u201d en los beb\u00e9s En el siguiente art\u00edculo hablar\u00e9 sobre c\u00f3mo se puede evitar que ocurra el \u201cS\u00edndrome de Muerte S\u00fabita\u201d en los lactantes, el cual puede presentarse desde reci\u00e9n nacidos hasta los 12 meses de vida. Es m\u00e1s frecuente hasta los 6 meses. Hablar de alimentaci\u00f3n infantil es&hellip;","_links":{"self":[{"href":"https:\/\/hospitaljuanpablo.gob.ar\/index.php?rest_route=\/wp\/v2\/pages\/1278","targetHints":{"allow":["GET"]}}],"collection":[{"href":"https:\/\/hospitaljuanpablo.gob.ar\/index.php?rest_route=\/wp\/v2\/pages"}],"about":[{"href":"https:\/\/hospitaljuanpablo.gob.ar\/index.php?rest_route=\/wp\/v2\/types\/page"}],"author":[{"embeddable":true,"href":"https:\/\/hospitaljuanpablo.gob.ar\/index.php?rest_route=\/wp\/v2\/users\/9"}],"replies":[{"embeddable":true,"href":"https:\/\/hospitaljuanpablo.gob.ar\/index.php?rest_route=%2Fwp%2Fv2%2Fcomments&post=1278"}],"version-history":[{"count":3,"href":"https:\/\/hospitaljuanpablo.gob.ar\/index.php?rest_route=\/wp\/v2\/pages\/1278\/revisions"}],"predecessor-version":[{"id":2448,"href":"https:\/\/hospitaljuanpablo.gob.ar\/index.php?rest_route=\/wp\/v2\/pages\/1278\/revisions\/2448"}],"wp:attachment":[{"href":"https:\/\/hospitaljuanpablo.gob.ar\/index.php?rest_route=%2Fwp%2Fv2%2Fmedia&parent=1278"}],"curies":[{"name":"wp","href":"https:\/\/api.w.org\/{rel}","templated":true}]}}